{"id":1916,"date":"2018-06-27T10:00:09","date_gmt":"2018-06-27T08:00:09","guid":{"rendered":"https:\/\/parkkemping.hu\/?page_id=1916"},"modified":"2026-02-06T11:25:07","modified_gmt":"2026-02-06T10:25:07","slug":"lakokocsi-arak","status":"publish","type":"page","link":"https:\/\/parkkemping.hu\/en\/lakokocsi-arak\/","title":{"rendered":"\u00c1rak &#8211; Lak\u00f3kocsi"},"content":{"rendered":"<p>[et_pb_section bb_built=&#8221;1&#8243; custom_padding_last_edited=&#8221;on|phone&#8221; _builder_version=&#8221;3.6&#8243; background_color=&#8221;rgba(0,0,0,0.6)&#8221; background_image=&#8221;https:\/\/parkkemping.hu\/wp-content\/uploads\/2018\/06\/lakokocsi_agard.jpg&#8221; background_blend=&#8221;overlay&#8221; custom_padding=&#8221;135px|0px|135px|0px|true|false&#8221; custom_padding_phone=&#8221;25px||25px||true|false&#8221; next_background_color=&#8221;#f4f4f4&#8243;][et_pb_row custom_padding=&#8221;|||&#8221; custom_padding_tablet=&#8221;||20px|&#8221; custom_padding_phone=&#8221;60px|0px|20px|0px&#8221; custom_padding_last_edited=&#8221;off|desktop&#8221; _builder_version=&#8221;3.3.1&#8243;][et_pb_column type=&#8221;4_4&#8243;][et_pb_text module_class=&#8221;secheader&#8221; _builder_version=&#8221;3.3.1&#8243; text_font=&#8221;||||||||&#8221; header_font=&#8221;Pacifico||||||||&#8221; header_text_align=&#8221;center&#8221; header_font_size_phone=&#8221;36px&#8221; header_font_size_last_edited=&#8221;on|phone&#8221; text_orientation=&#8221;center&#8221; background_layout=&#8221;dark&#8221;]<\/p>\n<h1>Park Beach Camping and Hostel<\/h1>\n<h1>Caravan Prices<\/h1>\n<p>[\/et_pb_text][\/et_pb_column][\/et_pb_row][\/et_pb_section][et_pb_section bb_built=&#8221;1&#8243; admin_label=&#8221;Prices&#8221; module_id=&#8221;kemping-arak&#8221; _builder_version=&#8221;3.3.1&#8243; background_color=&#8221;#f4f4f4&#8243; custom_padding=&#8221;|||&#8221; saved_tabs=&#8221;all&#8221; prev_background_color=&#8221;rgba(0,0,0,0.6)&#8221;][et_pb_row make_fullwidth=&#8221;on&#8221; custom_padding=&#8221;0|0px|27px|0px|false|false&#8221; _builder_version=&#8221;3.6&#8243;][et_pb_column type=&#8221;4_4&#8243;][et_pb_image src=&#8221;https:\/\/parkkemping.hu\/wp-content\/uploads\/2018\/06\/Park-kemping-t\u00e9rk\u00e9p_\u00faj.jpg&#8221; show_in_lightbox=&#8221;on&#8221; align=&#8221;center&#8221; _builder_version=&#8221;3.6&#8243; \/][et_pb_text _builder_version=&#8221;3.6&#8243;]<\/p>\n<p style=\"text-align: center;\">for enlargement click on picture<\/p>\n<p>[\/et_pb_text][\/et_pb_column][\/et_pb_row][et_pb_row _builder_version=&#8221;3.6&#8243; global_module=&#8221;2878&#8243;][et_pb_column type=&#8221;4_4&#8243;][et_pb_button global_parent=&#8221;2878&#8243; button_url=&#8221;https:\/\/parkkemping.hu\/parcella-online-foglalas\/&#8221; url_new_window=&#8221;on&#8221; button_text=&#8221;Parcella Aj\u00e1nlatk\u00e9r\u00e9s Online&#8221; button_alignment=&#8221;center&#8221; _builder_version=&#8221;3.6&#8243; custom_button=&#8221;on&#8221; button_text_size=&#8221;24px&#8221; button_text_color=&#8221;#ffffff&#8221; button_bg_color=&#8221;#db254c&#8221; button_border_radius=&#8221;10px&#8221; button_letter_spacing=&#8221;1px&#8221; button_font=&#8221;|600|||||||&#8221; button_icon=&#8221;%%3%%&#8221; button_text_size_phone=&#8221;20px&#8221; button_text_size_last_edited=&#8221;on|phone&#8221; \/][\/et_pb_column][\/et_pb_row][et_pb_row custom_padding=&#8221;0|0px|27px|0px|false|false&#8221; _builder_version=&#8221;3.3.1&#8243; global_module=&#8221;2696&#8243;][et_pb_column type=&#8221;4_4&#8243;][et_pb_text global_parent=&#8221;2696&#8243; disabled_on=&#8221;on|off|off&#8221; module_id=&#8221;velenceito&#8221; _builder_version=&#8221;3.6&#8243; header_text_align=&#8221;center&#8221; header_text_color=&#8221;#231f20&#8243; text_orientation=&#8221;justified&#8221; max_width_last_edited=&#8221;on|phone&#8221; module_alignment=&#8221;center&#8221; custom_margin=&#8221;|||&#8221; custom_margin_last_edited=&#8221;on|desktop&#8221; custom_padding=&#8221;|||&#8221;]<\/p>\n<h2 style=\"text-align: center;\">Camping and caravan prices<\/h2>\n<p><strong>Open:<\/strong>: Kemping\u00fcnk\u00a0m\u00e1jus 1-t\u0151l szeptember 30 -ig tart nyitva, recepci\u00f3nk pedig el\u0151- \u00e9s ut\u00f3szezonban minden nap 8-18 \u00f3r\u00e1ig, f\u0151szezonban 8-20 \u00f3r\u00e1ig tart kiszolg\u00e1l\u00e1st.<\/p>\n<p><strong>Our prices including:<\/strong> The indicated prices include VAT. There is a 300-meter beach on the waterfront of the campsite, which guests of the campsite can visit for free. It is STRICTLY FORBIDDEN to stay with a dog on the beach belonging to the campsite and to bathe in the lake!<\/p>\n<p><strong>House rules:<\/strong>logging in to the campsite for the purpose of staying or visiting assumes that our guests have become familiar with the rules of our policy and recognize its content as binding on them. <a href=\"https:\/\/parkkemping.hu\/en\/hazirend\/\">Teljes h\u00e1zirend megtekint\u00e9se&#8230;<\/a><\/p>\n<blockquote>\n<p style=\"text-align: left;\"><span style=\"font-size: x-large;\"><strong>F\u0151szezonban 4, vagy ann\u00e1l t\u00f6bb \u00e9jszaka foglal\u00e1sa eset\u00e9n 10% kedvezm\u00e9nyt biztos\u00edtunk a v\u00e9g\u00f6sszegb\u0151l!<\/strong><\/span><\/p>\n<\/blockquote>\n<table>\n<tbody>\n<tr>\n<td width=\"60%\">Camping prices<\/td>\n<td width=\"20%\">F\u0151szezon\/\u00e9j<br \/>\n06.01\u00a0 \u201308.31.<\/td>\n<td width=\"20%\">El\u0151- \u00e9s Ut\u00f3szezon\/\u00e9j<br \/>\n05.01-05.31. \u00e9s 09.01-09.30<\/td>\n<\/tr>\n<tr>\n<td width=\"60%\"><\/td>\n<td width=\"20%\"><\/td>\n<td width=\"20%\"><\/td>\n<\/tr>\n<tr>\n<td width=\"60%\">Tent ground (for 2-10 persons)<\/td>\n<td width=\"20%\">2800 Ft<\/td>\n<td width=\"20%\">2600 Ft<\/td>\n<\/tr>\n<tr>\n<td width=\"60%\"><\/td>\n<td width=\"20%\"><\/td>\n<td width=\"20%\"><\/td>\n<\/tr>\n<tr>\n<td width=\"60%\"><\/td>\n<td width=\"20%\"><\/td>\n<td width=\"20%\"><\/td>\n<\/tr>\n<tr>\n<td width=\"60%\">Parcella d\u00edj \u00e1ramszolg\u00e1ltat\u00e1ssal maximum 8 f\u0151ig (egy, vagy t\u00f6bb s\u00e1tornak, lak\u00f3kocsinak \u00e9s lak\u00f3aut\u00f3nak)<\/td>\n<td width=\"20%\">\u00a05500 Ft<\/td>\n<td width=\"20%\">4800\u00a0Ft<\/td>\n<\/tr>\n<tr>\n<td width=\"60%\"><\/td>\n<td width=\"20%\"><\/td>\n<td width=\"20%\"><\/td>\n<\/tr>\n<tr>\n<td width=\"60%\"><\/td>\n<td width=\"20%\"><\/td>\n<td width=\"20%\"><\/td>\n<\/tr>\n<tr>\n<td width=\"60%\">Accomodation fee for adults<\/td>\n<td width=\"20%\">2300 Ft<\/td>\n<td width=\"20%\">1800 Ft<\/td>\n<\/tr>\n<tr>\n<td width=\"60%\">Accomodation fee for children under 3 years<\/td>\n<td width=\"20%\">0 HUF<\/td>\n<td width=\"20%\">0 HUF<\/td>\n<\/tr>\n<tr>\n<td width=\"60%\">Accomodation fee for children between 3-18 years<\/td>\n<td width=\"20%\">1600 Ft<\/td>\n<td width=\"20%\">1200 Ft<\/td>\n<\/tr>\n<tr>\n<td width=\"60%\"><\/td>\n<td width=\"20%\"><\/td>\n<td width=\"20%\"><\/td>\n<\/tr>\n<tr>\n<td width=\"60%\"><\/td>\n<td width=\"20%\"><\/td>\n<td width=\"20%\"><\/td>\n<\/tr>\n<tr>\n<td width=\"60%\">local TAX<\/td>\n<td width=\"20%\">600 Ft<\/td>\n<td width=\"20%\">600 Ft<\/td>\n<\/tr>\n<tr>\n<td width=\"60%\">Dogs<\/td>\n<td width=\"20%\">500\u00a0Ft<\/td>\n<td width=\"20%\">500 HUF<\/td>\n<\/tr>\n<tr>\n<td width=\"60%\">Cars<\/td>\n<td width=\"20%\">1000\u00a0Ft<\/td>\n<td width=\"20%\">800 Ft<\/td>\n<\/tr>\n<tr>\n<td width=\"60%\">Motorbikes<\/td>\n<td width=\"20%\">800\u00a0Ft<\/td>\n<td width=\"20%\">500 HUF<\/td>\n<\/tr>\n<tr>\n<td width=\"60%\">Ker\u00e9kp\u00e1r parkol\u00e1s<\/td>\n<td width=\"20%\">0 HUF<\/td>\n<td width=\"20%\">0 HUF<\/td>\n<\/tr>\n<tr>\n<td width=\"60%\"><\/td>\n<td width=\"20%\"><\/td>\n<td width=\"20%\"><\/td>\n<\/tr>\n<\/tbody>\n<\/table>\n<p>[\/et_pb_text][et_pb_text global_parent=&#8221;2696&#8243; disabled_on=&#8221;off|on|on&#8221; module_id=&#8221;velenceito&#8221; _builder_version=&#8221;3.6&#8243; header_text_align=&#8221;center&#8221; header_text_color=&#8221;#231f20&#8243; header_line_height=&#8221;1.8em&#8221; max_width_last_edited=&#8221;on|phone&#8221; module_alignment=&#8221;center&#8221; custom_margin=&#8221;|||&#8221; custom_margin_tablet=&#8221;20px||20px|&#8221; custom_margin_last_edited=&#8221;off|desktop&#8221; custom_padding=&#8221;|||&#8221;]<\/p>\n<h2 style=\"text-align: center;\">Kemping \u00c1rak<\/h2>\n<p><strong>Open:<\/strong>: Kemping\u00fcnk m\u00e1jus1-t\u0151l szeptember 30 -ig tart nyitva, recepci\u00f3nk pedig el\u0151- \u00e9s ut\u00f3szezonban minden nap 8-18 \u00f3r\u00e1ig, f\u0151szezonban 8-20 \u00f3r\u00e1ig tart kiszolg\u00e1l\u00e1st.<\/p>\n<p><strong>Our prices including:<\/strong> A felt\u00fcntetett \u00e1rak az \u00c1FA-t tartalmazz\u00e1k. A kemping v\u00edzpartj\u00e1n 300 m\u00e9teres strand tal\u00e1lhat\u00f3, amelyet a kemping vend\u00e9gei ingyenesen l\u00e1togathatnak. Amennyiben kuty\u00e1val \u00e9rkeztek a kempingbe \u00e9s a kis\u00e1llat felt\u00fcntetett d\u00edj\u00e1t is megv\u00e1ltj\u00e1tok. A kijel\u00f6lt strand ter\u00fclet\u00e9n azonban kuty\u00e1val tart\u00f3zkodni, f\u00fcrdetni SZIGOR\u00daAN TILOS!<\/p>\n<p><strong>House rules:<\/strong>logging in to the campsite for the purpose of staying or visiting assumes that our guests have become familiar with the rules of our policy and recognize its content as binding on them. <a href=\"https:\/\/parkkemping.hu\/en\/hazirend\/\">Teljes h\u00e1zirend megtekint\u00e9se&#8230;<\/a><\/p>\n<blockquote><p><strong>F\u0151szezonban 4, vagy ann\u00e1l t\u00f6bb \u00e9jszaka foglal\u00e1sa eset\u00e9ben 10% kedvezm\u00e9nyt biztos\u00edtunk a v\u00e9g\u00f6sszegb\u0151l!<\/strong><\/p><\/blockquote>\n<p>[\/et_pb_text][et_pb_toggle global_parent=&#8221;2696&#8243; title=&#8221;F\u0151szezon (06.01-08.31)&#8221; open_toggle_text_color=&#8221;#5da58d&#8221; closed_toggle_text_color=&#8221;#443d3d&#8221; icon_color=&#8221;#5da58d&#8221; disabled_on=&#8221;off|on|on&#8221; _builder_version=&#8221;3.6&#8243; title_font=&#8221;PT Sans Caption|700|||||||&#8221; title_font_size=&#8221;15px&#8221; title_line_height=&#8221;1.5em&#8221; text_orientation=&#8221;left&#8221; module_alignment=&#8221;center&#8221; custom_margin=&#8221;10px|||&#8221;]<\/p>\n<p><strong>S\u00e1tor ter\u00fcletd\u00edj <\/strong>(2-10 szem\u00e9lyes): 2800 Ft\/\u00e9j<\/p>\n<p><strong>Parcella d\u00edj \u00e1ramszolg\u00e1ltat\u00e1ssal max. 8 f\u0151ig\u00a0<\/strong>(egy, vagy t\u00f6bb s\u00e1tornak, lak\u00f3kocsinak \u00e9s lak\u00f3aut\u00f3nak): 5500 Ft\/\u00e9j<\/p>\n<p><strong>Feln\u0151tt sz\u00e1ll\u00e1sd\u00edj:<\/strong>\u00a02300 Ft\/\u00e9j<\/p>\n<p><strong>3 \u00e9v alatti sz\u00e1ll\u00e1sd\u00edj:<\/strong> 0 Ft\/\u00e9j<\/p>\n<p><strong>3-18 \u00e9v k\u00f6z\u00f6ttiek sz\u00e1ll\u00e1sd\u00edja:<\/strong> 1600 Ft\/\u00e9j<\/p>\n<p><strong>Idegenforgalmi ad\u00f3 (IFA) 18 \u00e9ven fel\u00fcleik r\u00e9sz\u00e9re:<\/strong> 600 Ft\/\u00e9j<\/p>\n<p><strong>Kutya:<\/strong>\u00a0500 Ft\/\u00e9j<\/p>\n<p><strong>Aut\u00f3 parkol\u00e1s:<\/strong>\u00a01000 Ft\/\u00e9j<\/p>\n<p><strong>Motor parkol\u00e1s:<\/strong>\u00a0800 Ft\/\u00e9j<\/p>\n<p><strong>Ker\u00e9kp\u00e1r parkol\u00e1s:<\/strong> 0 Ft\/\u00e9j<\/p>\n<p>[\/et_pb_toggle][et_pb_toggle global_parent=&#8221;2696&#8243; title=&#8221;El\u0151- \u00e9s Ut\u00f3szezon (05.01.-05.31. \u00e9s 09.01-09.30)&#8221; open_toggle_text_color=&#8221;#5da58d&#8221; closed_toggle_text_color=&#8221;#443d3d&#8221; icon_color=&#8221;#5da58d&#8221; disabled_on=&#8221;off|on|on&#8221; _builder_version=&#8221;3.6&#8243; title_font=&#8221;PT Sans Caption|700|||||||&#8221; title_font_size=&#8221;15px&#8221; title_line_height=&#8221;1.5em&#8221; text_orientation=&#8221;left&#8221; module_alignment=&#8221;center&#8221; custom_margin=&#8221;10px||10px|&#8221;]<\/p>\n<p><strong>S\u00e1tor ter\u00fcletd\u00edj <\/strong>(2-10 szem\u00e9lyes):\u00a02600\u00a0Ft\/\u00e9j<\/p>\n<p><strong>Parcella d\u00edj \u00e1ramszolg\u00e1ltat\u00e1ssal\u00a0max. 8 f\u0151ig\u00a0<\/strong>(egy, vagy t\u00f6bb s\u00e1tornak, lak\u00f3kocsinak \u00e9s lak\u00f3aut\u00f3nak): 4800 Ft\/\u00e9j<\/p>\n<p><strong>Feln\u0151tt sz\u00e1ll\u00e1sd\u00edj:<\/strong> 1800 Ft\/\u00e9j<\/p>\n<p><strong>3 \u00e9v alatti sz\u00e1ll\u00e1sd\u00edj:<\/strong> 0 Ft\/\u00e9j<\/p>\n<p><strong>3-18 \u00e9v k\u00f6z\u00f6ttiek sz\u00e1ll\u00e1sd\u00edja:<\/strong>\u00a01200 Ft\/\u00e9j<\/p>\n<p><strong>Idegenforgalmi ad\u00f3 (IFA) 18 \u00e9ven fel\u00fcleik r\u00e9sz\u00e9re:<\/strong> 600 Ft\/\u00e9j<\/p>\n<p><strong>Kutya:<\/strong>\u00a0500 Ft\/\u00e9j<\/p>\n<p><strong>Aut\u00f3 parkol\u00e1s:<\/strong>\u00a0800 Ft\/\u00e9j<\/p>\n<p><strong>Motor parkol\u00e1s:<\/strong>\u00a0500 Ft\/\u00e9j<\/p>\n<p><strong>Ker\u00e9kp\u00e1r parkol\u00e1s:<\/strong> 0 Ft\/\u00e9j<\/p>\n<p>[\/et_pb_toggle][\/et_pb_column][\/et_pb_row][et_pb_row _builder_version=&#8221;3.6&#8243; global_module=&#8221;2878&#8243;][et_pb_column type=&#8221;4_4&#8243;][et_pb_button global_parent=&#8221;2878&#8243; button_url=&#8221;https:\/\/parkkemping.hu\/parcella-online-foglalas\/&#8221; url_new_window=&#8221;on&#8221; button_text=&#8221;Parcella Aj\u00e1nlatk\u00e9r\u00e9s Online&#8221; button_alignment=&#8221;center&#8221; _builder_version=&#8221;3.6&#8243; custom_button=&#8221;on&#8221; button_text_size=&#8221;24px&#8221; button_text_color=&#8221;#ffffff&#8221; button_bg_color=&#8221;#db254c&#8221; button_border_radius=&#8221;10px&#8221; button_letter_spacing=&#8221;1px&#8221; button_font=&#8221;|600|||||||&#8221; button_icon=&#8221;%%3%%&#8221; button_text_size_phone=&#8221;20px&#8221; button_text_size_last_edited=&#8221;on|phone&#8221; \/][\/et_pb_column][\/et_pb_row][\/et_pb_section]<\/p>","protected":false},"excerpt":{"rendered":"<p>[et_pb_section bb_built=&#8221;1&#8243; custom_padding_last_edited=&#8221;on|phone&#8221; _builder_version=&#8221;3.6&#8243; background_color=&#8221;rgba(0,0,0,0.6)&#8221; background_image=&#8221;https:\/\/parkkemping.hu\/wp-content\/uploads\/2018\/06\/lakokocsi_agard.jpg&#8221; background_blend=&#8221;overlay&#8221; custom_padding=&#8221;135px|0px|135px|0px|true|false&#8221; custom_padding_phone=&#8221;25px||25px||true|false&#8221; next_background_color=&#8221;#f4f4f4&#8243;][et_pb_row custom_padding=&#8221;|||&#8221; custom_padding_tablet=&#8221;||20px|&#8221; custom_padding_phone=&#8221;60px|0px|20px|0px&#8221; custom_padding_last_edited=&#8221;off|desktop&#8221; _builder_version=&#8221;3.3.1&#8243;][et_pb_column type=&#8221;4_4&#8243;][et_pb_text module_class=&#8221;secheader&#8221; _builder_version=&#8221;3.3.1&#8243; text_font=&#8221;||||||||&#8221; header_font=&#8221;Pacifico||||||||&#8221; header_text_align=&#8221;center&#8221; header_font_size_phone=&#8221;36px&#8221; header_font_size_last_edited=&#8221;on|phone&#8221; text_orientation=&#8221;center&#8221; background_layout=&#8221;dark&#8221;] Park Strand Kemping \u00e9s Hostel Lak\u00f3kocsi \u00e1rak [\/et_pb_text][\/et_pb_column][\/et_pb_row][\/et_pb_section][et_pb_section bb_built=&#8221;1&#8243; admin_label=&#8221;Prices&#8221; module_id=&#8221;kemping-arak&#8221; _builder_version=&#8221;3.3.1&#8243; background_color=&#8221;#f4f4f4&#8243; custom_padding=&#8221;|||&#8221; saved_tabs=&#8221;all&#8221; prev_background_color=&#8221;rgba(0,0,0,0.6)&#8221;][et_pb_row make_fullwidth=&#8221;on&#8221; custom_padding=&#8221;0|0px|27px|0px|false|false&#8221; _builder_version=&#8221;3.6&#8243;][et_pb_column type=&#8221;4_4&#8243;][et_pb_image src=&#8221;https:\/\/parkkemping.hu\/wp-content\/uploads\/2018\/06\/Park-kemping-t\u00e9rk\u00e9p_\u00faj.jpg&#8221; show_in_lightbox=&#8221;on&#8221; align=&#8221;center&#8221; _builder_version=&#8221;3.6&#8243; \/][et_pb_text _builder_version=&#8221;3.6&#8243;] (Nagy\u00edt\u00e1shoz kattints a t\u00e9rk\u00e9pre) [&hellip;]<\/p>","protected":false},"author":8,"featured_media":0,"parent":0,"menu_order":0,"comment_status":"closed","ping_status":"closed","template":"","meta":[],"_links":{"self":[{"href":"https:\/\/parkkemping.hu\/en\/wp-json\/wp\/v2\/pages\/1916"}],"collection":[{"href":"https:\/\/parkkemping.hu\/en\/wp-json\/wp\/v2\/pages"}],"about":[{"href":"https:\/\/parkkemping.hu\/en\/wp-json\/wp\/v2\/types\/page"}],"author":[{"embeddable":true,"href":"https:\/\/parkkemping.hu\/en\/wp-json\/wp\/v2\/users\/8"}],"replies":[{"embeddable":true,"href":"https:\/\/parkkemping.hu\/en\/wp-json\/wp\/v2\/comments?post=1916"}],"version-history":[{"count":13,"href":"https:\/\/parkkemping.hu\/en\/wp-json\/wp\/v2\/pages\/1916\/revisions"}],"predecessor-version":[{"id":3961,"href":"https:\/\/parkkemping.hu\/en\/wp-json\/wp\/v2\/pages\/1916\/revisions\/3961"}],"wp:attachment":[{"href":"https:\/\/parkkemping.hu\/en\/wp-json\/wp\/v2\/media?parent=1916"}],"curies":[{"name":"wp","href":"https:\/\/api.w.org\/{rel}","templated":true}]}}