{"id":2365,"date":"2019-04-18T11:58:51","date_gmt":"2019-04-18T09:58:51","guid":{"rendered":"https:\/\/parkkemping.hu\/?page_id=2365"},"modified":"2026-02-09T10:42:19","modified_gmt":"2026-02-09T09:42:19","slug":"allando-lakokocsi-landing","status":"publish","type":"page","link":"https:\/\/parkkemping.hu\/en\/allando-lakokocsi-landing\/","title":{"rendered":"\u00c1lland\u00f3 lak\u00f3kocsi landing"},"content":{"rendered":"<p>[et_pb_section fb_built=&#8221;1&#8243; custom_padding_last_edited=&#8221;on|phone&#8221; next_background_color=&#8221;#ffffff&#8221; module_class=&#8221;header&#8221; _builder_version=&#8221;3.6&#8243; background_color=&#8221;rgba(0,0,0,0.44)&#8221; background_image=&#8221;https:\/\/parkkemping.hu\/wp-content\/uploads\/2018\/06\/lakokocsi_agard.jpg&#8221; background_blend=&#8221;multiply&#8221; custom_padding=&#8221;100px|0px|150px|0px|false|false&#8221; custom_padding_tablet=&#8221;35px|||&#8221; top_divider_height_tablet=&#8221;5px&#8221; top_divider_height_phone=&#8221;5px&#8221; top_divider_height_last_edited=&#8221;on|tablet&#8221; bottom_divider_style=&#8221;curve&#8221; bottom_divider_height_tablet=&#8221;40px&#8221; bottom_divider_height_phone=&#8221;40px&#8221; bottom_divider_height_last_edited=&#8221;on|phone&#8221;][et_pb_row use_custom_width=&#8221;on&#8221; custom_width_px=&#8221;1223px&#8221; custom_margin=&#8221;|||&#8221; _builder_version=&#8221;3.6&#8243; background_size=&#8221;initial&#8221; background_position=&#8221;top_left&#8221; background_repeat=&#8221;repeat&#8221; module_alignment=&#8221;center&#8221; custom_margin_tablet=&#8221;|||12px&#8221; custom_margin_last_edited=&#8221;on|desktop&#8221;][et_pb_column type=&#8221;4_4&#8243; _builder_version=&#8221;3.0.47&#8243; parallax=&#8221;off&#8221; parallax_method=&#8221;on&#8221;][et_pb_text _builder_version=&#8221;3.6&#8243; text_font_size=&#8221;23px&#8221; text_font_size_phone=&#8221;14px&#8221; text_font_size_last_edited=&#8221;on|phone&#8221; text_line_height=&#8221;1.8em&#8221; header_text_align=&#8221;left&#8221; header_font_size=&#8221;54px&#8221; header_font_size_tablet=&#8221;32px&#8221; header_font_size_phone=&#8221;26px&#8221; header_font_size_last_edited=&#8221;on|phone&#8221; background_layout=&#8221;dark&#8221; max_width=&#8221;76%&#8221; max_width_last_edited=&#8221;on|phone&#8221; module_alignment=&#8221;left&#8221; custom_padding=&#8221;|||26px&#8221; custom_padding_last_edited=&#8221;on|desktop&#8221;]<\/p>\n<h1 style=\"text-align: left;\">Rent a waterfront plot for the whole year!<\/h1>\n<p style=\"text-align: left;\">Rent a plot for your caravan, tent or mobile home in the Park Strand Camping area in Ag\u00e1rd and enjoy the tranquility of being close to nature all season long!<\/p>\n<p>[\/et_pb_text][et_pb_button button_url=&#8221;#kemping&#8221; button_text=&#8221;\u00c9rdekel a kemping!&#8221; button_alignment=&#8221;left&#8221; _builder_version=&#8221;3.6&#8243; custom_button=&#8221;on&#8221; button_text_color=&#8221;#000000&#8243; button_bg_color=&#8221;#fcb620&#8243; button_border_color=&#8221;#fcb620&#8243; button_font=&#8221;||||||||&#8221; button_text_size_phone=&#8221;16px&#8221; button_text_size_last_edited=&#8221;on|tablet&#8221; background_layout=&#8221;dark&#8221; custom_margin=&#8221;30px|||26px&#8221; custom_margin_phone=&#8221;|||&#8221; custom_margin_last_edited=&#8221;on|desktop&#8221;][\/et_pb_button][\/et_pb_column][\/et_pb_row][\/et_pb_section][et_pb_section fb_built=&#8221;1&#8243; custom_padding_last_edited=&#8221;on|phone&#8221; next_background_color=&#8221;#ededed&#8221; _builder_version=&#8221;3.6&#8243; custom_padding=&#8221;53px|0px|130px|0px|false|false&#8221; custom_padding_tablet=&#8221;37px|||&#8221; custom_padding_phone=&#8221;15px|||&#8221; bottom_divider_style=&#8221;arrow&#8221; bottom_divider_height_tablet=&#8221;50px&#8221; bottom_divider_height_phone=&#8221;50px&#8221; bottom_divider_height_last_edited=&#8221;on|phone&#8221;][et_pb_row custom_margin=&#8221;|||&#8221; _builder_version=&#8221;3.6&#8243; custom_margin_tablet=&#8221;||-30px|&#8221; custom_margin_last_edited=&#8221;on|phone&#8221;][et_pb_column type=&#8221;4_4&#8243; _builder_version=&#8221;3.0.47&#8243; parallax=&#8221;off&#8221; parallax_method=&#8221;on&#8221;][et_pb_text _builder_version=&#8221;3.6&#8243; header_font=&#8221;||||||||&#8221; header_2_font=&#8221;||||||||&#8221; header_2_font_size=&#8221;38px&#8221; header_2_font_size_tablet=&#8221;32px&#8221; header_2_font_size_phone=&#8221;30px&#8221; header_2_font_size_last_edited=&#8221;on|tablet&#8221;]<\/p>\n<h2 style=\"text-align: center;\">In 2020, the renewal of the Park Strand and Camping started<\/h2>\n<p>[\/et_pb_text][\/et_pb_column][\/et_pb_row][et_pb_row custom_padding=&#8221;25px|0px|0|0px|false|false&#8221; custom_padding_phone=&#8221;0px|||&#8221; custom_padding_last_edited=&#8221;on|tablet&#8221; _builder_version=&#8221;3.6&#8243;][et_pb_column type=&#8221;1_3&#8243; _builder_version=&#8221;3.0.47&#8243; parallax=&#8221;off&#8221; parallax_method=&#8221;on&#8221;][et_pb_blurb title=&#8221;Kemping vezet\u0151t V\u00e1ltottunk&#8221; use_icon=&#8221;on&#8221; font_icon=&#8221;%%10%%&#8221; icon_placement=&#8221;left&#8221; _builder_version=&#8221;3.6&#8243;]<\/p>\n<p>In 2020, Park Strand Camping underwent a change of campsite manager, which brought new color and direction to the life of the campsite. The leadership was taken over by a young, modern-minded team.<\/p>\n<p>[\/et_pb_blurb][\/et_pb_column][et_pb_column type=&#8221;1_3&#8243; _builder_version=&#8221;3.0.47&#8243; parallax=&#8221;off&#8221; parallax_method=&#8221;on&#8221;][et_pb_blurb title=&#8221;Felm\u00e9rt\u00fck az ig\u00e9nyeket&#8221; use_icon=&#8221;on&#8221; font_icon=&#8221;%%160%%&#8221; icon_placement=&#8221;left&#8221; _builder_version=&#8221;3.6&#8243;]A vezet\u0151v\u00e1lt\u00e1s \u00f3ta kiemelten figyel\u00fcnk vend\u00e9geink visszajelz\u00e9seire. Sok panasz \u00e9rkezett p\u00e9ld\u00e1ul a kemping ter\u00fclet\u00e9n tartott hangos, nyugalmat sz\u00e9tzil\u00e1l\u00f3 rendezv\u00e9nyekre. Ezeket besz\u00fcntett\u00fck \u00e9s a nyugalomra \u00f6sszpontos\u00edtunk.<br \/>\n[\/et_pb_blurb][\/et_pb_column][et_pb_column type=&#8221;1_3&#8243; _builder_version=&#8221;3.0.47&#8243; parallax=&#8221;off&#8221; parallax_method=&#8221;on&#8221;][et_pb_blurb title=&#8221;Fel\u00faj\u00edtottunk&#8221; use_icon=&#8221;on&#8221; font_icon=&#8221;%%173%%&#8221; icon_placement=&#8221;left&#8221; _builder_version=&#8221;3.6&#8243;]<\/p>\n<p>In 2021, many buildings and elements of the campsite were renovated. Our youth hostel was renovated and fire pits were installed. In addition, we installed sun sails and an outdoor changing room in the Park Strand area. The RECEPTION building was completely renovated, the kitchen of the Camping was renovated, and environmentally friendly street lighting was put into operation. From 2022, our guests can use a completely new water block, in which a Family Washroom and a Baby-Mama room are also available!<\/p>\n<p>[\/et_pb_blurb][\/et_pb_column][\/et_pb_row][et_pb_row custom_padding=&#8221;0|0px|25px|0px|false|false&#8221; custom_margin=&#8221;20px|||&#8221; _builder_version=&#8221;3.6&#8243; custom_margin_last_edited=&#8221;on|desktop&#8221;][et_pb_column type=&#8221;1_3&#8243; _builder_version=&#8221;3.0.47&#8243; parallax=&#8221;off&#8221; parallax_method=&#8221;on&#8221;][et_pb_blurb title=&#8221;B\u0151v\u00edtett\u00fck a szolg\u00e1ltat\u00e1sk\u00f6r\u00fcnk&#8221; use_icon=&#8221;on&#8221; font_icon=&#8221;%%154%%&#8221; icon_placement=&#8221;left&#8221; _builder_version=&#8221;3.6&#8243;] A szolg\u00e1ltat\u00e1spalett\u00e1nk b\u0151v\u00edt\u00e9s\u00e9re is sor ker\u00fclt, \u00edgy m\u00e1r minden eddigin\u00e9l t\u00f6bb szabadid\u0151s programot \u00e9s szolg\u00e1ltat\u00e1st \u00e9lvezhetnek a kempingez\u0151k.<br \/>\n[\/et_pb_blurb][\/et_pb_column][et_pb_column type=&#8221;1_3&#8243; _builder_version=&#8221;3.0.47&#8243; parallax=&#8221;off&#8221; parallax_method=&#8221;on&#8221;][et_pb_blurb title=&#8221;\u00dajratervezt\u00fck a foglal\u00e1st&#8221; use_icon=&#8221;on&#8221; font_icon=&#8221;%%57%%&#8221; icon_placement=&#8221;left&#8221; _builder_version=&#8221;3.6&#8243;]A mai ig\u00e9nyeknek megfelel\u0151, egyszer\u0171 online foglal\u00e1si folyamatot hoztunk l\u00e9tre, melynek seg\u00edts\u00e9g\u00e9vel minden eddigin\u00e9l egyszer\u0171bb\u00e9 v\u00e1lt parcell\u00e1t foglalni a kempingben.<br \/>\n[\/et_pb_blurb][\/et_pb_column][et_pb_column type=&#8221;1_3&#8243; _builder_version=&#8221;3.0.47&#8243; parallax=&#8221;off&#8221; parallax_method=&#8221;on&#8221;][\/et_pb_column][\/et_pb_row][\/et_pb_section][et_pb_section fb_built=&#8221;1&#8243; disabled_on=&#8221;on|on|off&#8221; module_id=&#8221;kemping&#8221; _builder_version=&#8221;3.6&#8243; background_color=&#8221;#ededed&#8221; custom_padding=&#8221;40px|0px|90px|0px|false|false&#8221; bottom_divider_style=&#8221;wave&#8221; bottom_divider_color=&#8221;#ffffff&#8221; bottom_divider_height_last_edited=&#8221;on|desktop&#8221;][et_pb_row custom_padding_phone=&#8221;25px|0px|0px|0px|false|false&#8221; custom_padding_last_edited=&#8221;on|phone&#8221; _builder_version=&#8221;3.6&#8243; custom_margin_tablet=&#8221;||-59px|&#8221; custom_margin_phone=&#8221;||-36px|&#8221; custom_margin_last_edited=&#8221;on|tablet&#8221;][et_pb_column type=&#8221;4_4&#8243; _builder_version=&#8221;3.0.47&#8243; parallax=&#8221;off&#8221; parallax_method=&#8221;on&#8221;][et_pb_divider divider_style=&#8221;dotted&#8221; divider_weight=&#8221;11px&#8221; _builder_version=&#8221;3.6&#8243; max_width=&#8221;24%&#8221; max_width_tablet=&#8221;23%&#8221; max_width_last_edited=&#8221;on|phone&#8221; module_alignment=&#8221;center&#8221;][\/et_pb_divider][et_pb_text _builder_version=&#8221;3.6&#8243; header_font=&#8221;||||||||&#8221; header_2_font=&#8221;||||||||&#8221; header_2_font_size=&#8221;38px&#8221; header_2_font_size_tablet=&#8221;32px&#8221; header_2_font_size_phone=&#8221;30px&#8221; header_2_font_size_last_edited=&#8221;on|tablet&#8221;]<\/p>\n<h2 style=\"text-align: center;\">About the Park Strand Camping<\/h2>\n<p>[\/et_pb_text][\/et_pb_column][\/et_pb_row][et_pb_row _builder_version=&#8221;3.6&#8243;][et_pb_column type=&#8221;1_2&#8243; _builder_version=&#8221;3.0.47&#8243; parallax=&#8221;off&#8221; parallax_method=&#8221;on&#8221;][et_pb_text _builder_version=&#8221;3.6&#8243; text_line_height=&#8221;1.8em&#8221;]<\/p>\n<ul>\n<li><strong>Huge 8 hectare area<\/strong>, with a 500 meter long coastline<\/li>\n<li><strong>Camping close to nature:<\/strong> floating reed islands, proven medicinal water, rich natural wildlife<\/li>\n<li><strong>80 caravan plots of up to 90 sqm<\/strong> on the east side of the campsite<\/li>\n<li><strong>3 plot types:<\/strong> waterfront front, waterfront no front and non-waterfront<\/li>\n<li><strong>Clean beach<\/strong>, with water of varying depth<\/li>\n<li><strong>Services<\/strong> in the camping area: buffets, water equipment rental, fire pits and much more<\/li>\n<\/ul>\n<p>[\/et_pb_text][\/et_pb_column][et_pb_column type=&#8221;1_2&#8243; _builder_version=&#8221;3.0.47&#8243; parallax=&#8221;off&#8221; parallax_method=&#8221;on&#8221;][et_pb_gallery gallery_ids=&#8221;2384,2385,2386,2387,2388&#8243; fullwidth=&#8221;on&#8221; _builder_version=&#8221;3.6&#8243; pagination_font=&#8221;||||||||&#8221; background_color=&#8221;rgba(22,22,22,0.2)&#8221; box_shadow_style=&#8221;preset2&#8243; box_shadow_spread=&#8221;-7px&#8221; background_layout=&#8221;dark&#8221;][\/et_pb_gallery][\/et_pb_column][\/et_pb_row][\/et_pb_section][et_pb_section fb_built=&#8221;1&#8243; next_background_color=&#8221;#ffffff&#8221; disabled_on=&#8221;off|off|on&#8221; module_id=&#8221;kemping&#8221; _builder_version=&#8221;3.6&#8243; background_color=&#8221;#ededed&#8221; custom_padding=&#8221;40px|0px|90px|0px|false|false&#8221; bottom_divider_style=&#8221;wave&#8221; bottom_divider_height_tablet=&#8221;50px&#8221; bottom_divider_height_phone=&#8221;50px&#8221; bottom_divider_height_last_edited=&#8221;on|phone&#8221;][et_pb_row custom_padding_phone=&#8221;25px|0px|0px|0px|false|false&#8221; custom_padding_last_edited=&#8221;on|phone&#8221; _builder_version=&#8221;3.6&#8243; custom_margin_tablet=&#8221;||-59px|&#8221; custom_margin_phone=&#8221;||-36px|&#8221; custom_margin_last_edited=&#8221;on|tablet&#8221;][et_pb_column type=&#8221;4_4&#8243; _builder_version=&#8221;3.0.47&#8243; parallax=&#8221;off&#8221; parallax_method=&#8221;on&#8221;][et_pb_divider divider_style=&#8221;dotted&#8221; divider_weight=&#8221;11px&#8221; _builder_version=&#8221;3.6&#8243; max_width=&#8221;24%&#8221; max_width_tablet=&#8221;23%&#8221; max_width_last_edited=&#8221;on|phone&#8221; module_alignment=&#8221;center&#8221;][\/et_pb_divider][et_pb_text _builder_version=&#8221;3.6&#8243; header_2_font_size=&#8221;38px&#8221; header_2_font_size_tablet=&#8221;32px&#8221; header_2_font_size_phone=&#8221;30px&#8221; header_2_font_size_last_edited=&#8221;on|tablet&#8221;]<\/p>\n<h2 style=\"text-align: center;\">A Park Strand Kempingr\u0151l<\/h2>\n<p>[\/et_pb_text][\/et_pb_column][\/et_pb_row][et_pb_row _builder_version=&#8221;3.6&#8243;][et_pb_column type=&#8221;1_2&#8243; _builder_version=&#8221;3.0.47&#8243; parallax=&#8221;off&#8221; parallax_method=&#8221;on&#8221;][et_pb_gallery gallery_ids=&#8221;2384,2385,2386,2387,2388&#8243; fullwidth=&#8221;on&#8221; _builder_version=&#8221;3.6&#8243; pagination_font=&#8221;||||||||&#8221; background_color=&#8221;rgba(22,22,22,0.2)&#8221; box_shadow_style=&#8221;preset2&#8243; box_shadow_spread=&#8221;-7px&#8221; background_layout=&#8221;dark&#8221;][\/et_pb_gallery][\/et_pb_column][et_pb_column type=&#8221;1_2&#8243; _builder_version=&#8221;3.0.47&#8243; parallax=&#8221;off&#8221; parallax_method=&#8221;on&#8221;][et_pb_text _builder_version=&#8221;3.6&#8243; text_line_height=&#8221;1.8em&#8221;]<\/p>\n<ul>\n<li><strong>Huge 8 hectare area<\/strong>, with a 500 meter long coastline<\/li>\n<li><strong>Camping close to nature:<\/strong> floating reed islands, proven medicinal water, rich natural wildlife<\/li>\n<li><strong>80 caravan plots of up to 90 sqm<\/strong> on the east side of the campsite<\/li>\n<li><strong>3 plot types:<\/strong> waterfront front, waterfront no front and non-waterfront<\/li>\n<li><strong>Clean beach<\/strong>, with water of varying depth<\/li>\n<li><strong>Services<\/strong> in the camping area: buffets, water equipment rental, fire pits and much more<\/li>\n<li>A kemping ter\u00fclet\u00e9n <strong>\u00e9rt\u00e9kmeg\u0151rz\u0151<\/strong> \u00e9s <strong>biztons\u00e1gi szolg\u00e1lat<\/strong> m\u0171k\u00f6dik<\/li>\n<\/ul>\n<p>[\/et_pb_text][\/et_pb_column][\/et_pb_row][\/et_pb_section][et_pb_section fb_built=&#8221;1&#8243; next_background_color=&#8221;#5da58d&#8221; _builder_version=&#8221;3.6&#8243; background_color=&#8221;#ffffff&#8221; top_divider_height_last_edited=&#8221;on|tablet&#8221; bottom_divider_style=&#8221;slant&#8221; bottom_divider_height_tablet=&#8221;50px&#8221; bottom_divider_height_phone=&#8221;50px&#8221; bottom_divider_height_last_edited=&#8221;on|phone&#8221;][et_pb_row custom_padding=&#8221;0|0px|27px|0px|false|false&#8221; _builder_version=&#8221;3.6&#8243;][et_pb_column type=&#8221;1_2&#8243; _builder_version=&#8221;3.0.47&#8243; parallax=&#8221;off&#8221; parallax_method=&#8221;on&#8221;][et_pb_image src=&#8221;https:\/\/parkkemping.hu\/wp-content\/uploads\/2018\/06\/Park-kemping-t\u00e9rk\u00e9p_\u00faj.jpg&#8221; url=&#8221;https:\/\/parkkemping.hu\/wp-content\/uploads\/2018\/06\/Park-kemping-t\u00e9rk\u00e9p_\u00faj.jpg&#8221; url_new_window=&#8221;on&#8221; _builder_version=&#8221;3.6&#8243;][\/et_pb_image][et_pb_text _builder_version=&#8221;3.6&#8243;]<\/p>\n<p style=\"text-align: center;\">Click to enlarge<\/p>\n<p>[\/et_pb_text][et_pb_text _builder_version=&#8221;3.6&#8243; text_font=&#8221;||||||||&#8221; background_layout=&#8221;dark&#8221;]<\/p>\n<p style=\"text-align: center;\">(Kattints a k\u00e9pre a nagy\u00edt\u00e1s\u00e9rt!)<\/p>\n<p>[\/et_pb_text][\/et_pb_column][et_pb_column type=&#8221;1_2&#8243; _builder_version=&#8221;3.0.47&#8243; parallax=&#8221;off&#8221; parallax_method=&#8221;on&#8221;][et_pb_text _builder_version=&#8221;3.6&#8243;]A <strong>beach in the camping\u00a0<\/strong>It stretches 200 meters from the shore of the lake and provides meaningful recreation for both children and adults. A shallow sandy area is available for children.<\/p>\n<p>The lake's water, which has a proven healing effect, is excellent for swimming and water leisure programs.<br \/>\n[\/et_pb_text][\/et_pb_column][\/et_pb_row][et_pb_row custom_padding=&#8221;27px|0px|61px|0px|false|false&#8221; _builder_version=&#8221;3.6&#8243;][et_pb_column type=&#8221;4_4&#8243; _builder_version=&#8221;3.0.47&#8243; parallax=&#8221;off&#8221; parallax_method=&#8221;on&#8221;][\/et_pb_column][\/et_pb_row][\/et_pb_section][et_pb_section fb_built=&#8221;1&#8243; module_id=&#8221;programok&#8221; _builder_version=&#8221;3.6&#8243; background_color=&#8221;#5da58d&#8221; custom_padding=&#8221;45.6719px|0px|51px|0px|false|false&#8221; bottom_divider_height_tablet=&#8221;50px&#8221; bottom_divider_height_phone=&#8221;50px&#8221; bottom_divider_height_last_edited=&#8221;on|phone&#8221;][et_pb_row custom_padding_phone=&#8221;25px|0px|0px|0px|false|false&#8221; custom_padding_last_edited=&#8221;on|phone&#8221; _builder_version=&#8221;3.6&#8243; custom_margin_tablet=&#8221;||-59px|&#8221; custom_margin_phone=&#8221;||-36px|&#8221; custom_margin_last_edited=&#8221;on|tablet&#8221;][et_pb_column type=&#8221;4_4&#8243; _builder_version=&#8221;3.0.47&#8243; parallax=&#8221;off&#8221; parallax_method=&#8221;on&#8221;][et_pb_divider color=&#8221;#ffffff&#8221; divider_style=&#8221;dotted&#8221; divider_weight=&#8221;11px&#8221; _builder_version=&#8221;3.6&#8243; max_width=&#8221;24%&#8221; max_width_tablet=&#8221;23%&#8221; max_width_last_edited=&#8221;on|phone&#8221; module_alignment=&#8221;center&#8221;][\/et_pb_divider][\/et_pb_column][\/et_pb_row][et_pb_row custom_padding=&#8221;22.8281px|0px|0|0px|false|false&#8221; _builder_version=&#8221;3.6&#8243;][et_pb_column type=&#8221;1_2&#8243; _builder_version=&#8221;3.0.47&#8243; parallax=&#8221;off&#8221; parallax_method=&#8221;on&#8221;][et_pb_gallery gallery_ids=&#8221;2414,2413,2412,2411&#8243; fullwidth=&#8221;on&#8221; _builder_version=&#8221;3.6&#8243; pagination_font=&#8221;||||||||&#8221; background_color=&#8221;rgba(22,22,22,0.2)&#8221; background_layout=&#8221;dark&#8221;][\/et_pb_gallery][\/et_pb_column][et_pb_column type=&#8221;1_2&#8243; _builder_version=&#8221;3.0.47&#8243; parallax=&#8221;off&#8221; parallax_method=&#8221;on&#8221;][\/et_pb_column][\/et_pb_row][\/et_pb_section][et_pb_section fb_built=&#8221;1&#8243; module_id=&#8221;arak&#8221; _builder_version=&#8221;3.6&#8243;][et_pb_row _builder_version=&#8221;3.6&#8243;][et_pb_column type=&#8221;4_4&#8243; _builder_version=&#8221;3.0.47&#8243; parallax=&#8221;off&#8221; parallax_method=&#8221;on&#8221;][et_pb_divider divider_style=&#8221;dotted&#8221; divider_weight=&#8221;11px&#8221; _builder_version=&#8221;3.6&#8243; max_width=&#8221;24%&#8221; max_width_tablet=&#8221;23%&#8221; max_width_last_edited=&#8221;on|phone&#8221; module_alignment=&#8221;center&#8221;][\/et_pb_divider][et_pb_text _builder_version=&#8221;3.6&#8243; header_2_font_size=&#8221;41px&#8221; header_2_font_size_tablet=&#8221;43px&#8221; header_2_font_size_phone=&#8221;33px&#8221; header_2_font_size_last_edited=&#8221;on|phone&#8221; header_3_font_size=&#8221;27px&#8221;]<\/p>\n<h2 style=\"text-align: center;\">Get to know our prices!<\/h2>\n<p>[\/et_pb_text][\/et_pb_column][\/et_pb_row][et_pb_row custom_margin=&#8221;||0px|&#8221; background_color_2=&#8221;#5da58d&#8221; disabled_on=&#8221;on|on|off&#8221; _builder_version=&#8221;3.6&#8243; custom_margin_tablet=&#8221;||-51px|&#8221; custom_margin_phone=&#8221;||-50px|&#8221; custom_margin_last_edited=&#8221;on|tablet&#8221;][et_pb_column type=&#8221;1_4&#8243; _builder_version=&#8221;3.0.47&#8243; parallax=&#8221;off&#8221; parallax_method=&#8221;on&#8221;][et_pb_blurb title=&#8221;V\u00edzparti nem front parcella&#8221; image=&#8221;https:\/\/parkkemping.hu\/wp-content\/uploads\/2019\/04\/2.jpg&#8221; image_max_width=&#8221;98%&#8221; image_max_width_last_edited=&#8221;on|phone&#8221; _builder_version=&#8221;3.6&#8243; header_level=&#8221;h3&#8243; header_font=&#8221;||||||||&#8221; header_font_size=&#8221;30px&#8221; header_font_size_tablet=&#8221;30px&#8221; header_font_size_phone=&#8221;24px&#8221; header_font_size_last_edited=&#8221;on|desktop&#8221; body_font=&#8221;||||||||&#8221; body_font_size=&#8221;20px&#8221; background_color=&#8221;#ffffff&#8221; text_orientation=&#8221;center&#8221; custom_margin=&#8221;0px|||&#8221; custom_padding=&#8221;0px|0px|15px|0px||true&#8221;]<\/p>\n<p>For tents and caravans<\/p>\n<p>From P1-P9<\/p>\n<p><strong>\u00c9ves b\u00e9rleti d\u00edj: 480.000 Ft\/szezon<\/strong><\/p>\n<p>[\/et_pb_blurb][et_pb_button button_url=&#8221;#jelentkezes&#8221; button_text=&#8221;\u00c9rdekel&#8221; button_alignment=&#8221;center&#8221; _builder_version=&#8221;3.6&#8243; custom_button=&#8221;on&#8221; button_bg_color=&#8221;#fcb620&#8243; button_border_color=&#8221;#fcb620&#8243; button_font=&#8221;||||||||&#8221; background_layout=&#8221;dark&#8221; custom_margin=&#8221;||40px|&#8221; custom_margin_last_edited=&#8221;off|desktop&#8221;][\/et_pb_button][\/et_pb_column][et_pb_column type=&#8221;1_4&#8243; _builder_version=&#8221;3.0.47&#8243; background_color=&#8221;#5da58d&#8221; parallax=&#8221;off&#8221; parallax_method=&#8221;on&#8221;][et_pb_blurb title=&#8221;V\u00edzparti front parcella&#8221; image=&#8221;https:\/\/parkkemping.hu\/wp-content\/uploads\/2019\/04\/5.jpg&#8221; image_max_width_last_edited=&#8221;on|desktop&#8221; _builder_version=&#8221;3.6&#8243; header_level=&#8221;h3&#8243; header_font=&#8221;||||||||&#8221; header_font_size=&#8221;30px&#8221; header_font_size_tablet=&#8221;30px&#8221; header_font_size_phone=&#8221;24px&#8221; header_font_size_last_edited=&#8221;on|desktop&#8221; body_font=&#8221;||||||||&#8221; body_font_size=&#8221;20px&#8221; background_color=&#8221;#5da58d&#8221; text_orientation=&#8221;center&#8221; background_layout=&#8221;dark&#8221; custom_margin=&#8221;0px|||&#8221; custom_padding=&#8221;0px|0px|50px|0px||true&#8221; custom_padding_last_edited=&#8221;on|desktop&#8221;]<\/p>\n<p>For tents and caravans<\/p>\n<p>From F1-F13<\/p>\n<p><strong>\u00c9ves b\u00e9rleti d\u00edj: 570.000 Ft\/szezon<\/strong><\/p>\n<p>[\/et_pb_blurb][et_pb_button button_url=&#8221;#jelentkezes&#8221; button_text=&#8221;\u00c9rdekel&#8221; button_alignment=&#8221;center&#8221; _builder_version=&#8221;3.6&#8243; custom_button=&#8221;on&#8221; button_bg_color=&#8221;#fcb620&#8243; button_border_color=&#8221;#fcb620&#8243; button_font=&#8221;||||||||&#8221; background_layout=&#8221;dark&#8221; custom_margin=&#8221;||40px|&#8221; custom_margin_last_edited=&#8221;off|desktop&#8221;][\/et_pb_button][\/et_pb_column][et_pb_column type=&#8221;1_4&#8243; _builder_version=&#8221;3.0.47&#8243; parallax=&#8221;off&#8221; parallax_method=&#8221;on&#8221;][et_pb_blurb title=&#8221;Nem v\u00edzparti parcella&#8221; image=&#8221;https:\/\/parkkemping.hu\/wp-content\/uploads\/2018\/06\/lakokocsi_kemping_agard.jpg&#8221; image_max_width=&#8221;98%&#8221; image_max_width_last_edited=&#8221;on|phone&#8221; _builder_version=&#8221;3.6&#8243; header_level=&#8221;h3&#8243; header_font=&#8221;||||||||&#8221; header_font_size=&#8221;30px&#8221; header_font_size_tablet=&#8221;30px&#8221; header_font_size_phone=&#8221;24px&#8221; header_font_size_last_edited=&#8221;on|desktop&#8221; body_font=&#8221;||||||||&#8221; body_font_size=&#8221;20px&#8221; background_color=&#8221;#ffffff&#8221; text_orientation=&#8221;center&#8221; custom_margin=&#8221;0px|||&#8221; custom_padding=&#8221;0px|0px|15px|0px||true&#8221;]<\/p>\n<p>For tents and caravans<\/p>\n<p>From B1-B18<\/p>\n<p><strong>\u00c9ves b\u00e9rleti d\u00edj: 410.000 Ft\/szezon<\/strong><\/p>\n<p>[\/et_pb_blurb][et_pb_button button_url=&#8221;#jelentkezes&#8221; button_text=&#8221;\u00c9rdekel&#8221; button_alignment=&#8221;center&#8221; _builder_version=&#8221;3.6&#8243; custom_button=&#8221;on&#8221; button_bg_color=&#8221;#fcb620&#8243; button_border_color=&#8221;#fcb620&#8243; button_font=&#8221;||||||||&#8221; background_layout=&#8221;dark&#8221; custom_margin=&#8221;||40px|&#8221; custom_margin_last_edited=&#8221;off|desktop&#8221;][\/et_pb_button][\/et_pb_column][et_pb_column type=&#8221;1_4&#8243; _builder_version=&#8221;3.0.47&#8243; parallax=&#8221;off&#8221; parallax_method=&#8221;on&#8221;][et_pb_blurb title=&#8221;Mobilh\u00e1z parcella&#8221; image=&#8221;https:\/\/parkkemping.hu\/wp-content\/uploads\/2019\/05\/Park-Kemping-k\u00e9p-1-1.jpg&#8221; image_max_width=&#8221;98%&#8221; image_max_width_last_edited=&#8221;on|phone&#8221; _builder_version=&#8221;3.6&#8243; header_level=&#8221;h3&#8243; header_font=&#8221;||||||||&#8221; header_font_size=&#8221;30px&#8221; header_font_size_tablet=&#8221;30px&#8221; header_font_size_phone=&#8221;24px&#8221; header_font_size_last_edited=&#8221;on|desktop&#8221; body_font=&#8221;||||||||&#8221; body_font_size=&#8221;20px&#8221; background_color=&#8221;#ffffff&#8221; text_orientation=&#8221;center&#8221; custom_margin=&#8221;0px|||&#8221; custom_padding=&#8221;0px|0px|15px|0px||true&#8221;]<\/p>\n<p>for own mobilhomes<\/p>\n<p>from M1 - M12<\/p>\n<p><strong>Annual rent: HUF 700,000\/season<\/strong><\/p>\n<p>[\/et_pb_blurb][et_pb_button button_url=&#8221;#jelentkezes&#8221; button_text=&#8221;\u00c9rdekel&#8221; button_alignment=&#8221;center&#8221; _builder_version=&#8221;3.6&#8243; custom_button=&#8221;on&#8221; button_bg_color=&#8221;#fcb620&#8243; button_border_color=&#8221;#fcb620&#8243; button_font=&#8221;||||||||&#8221; background_layout=&#8221;dark&#8221; custom_margin=&#8221;||40px|&#8221; custom_margin_last_edited=&#8221;off|desktop&#8221;][\/et_pb_button][\/et_pb_column][\/et_pb_row][et_pb_row custom_margin=&#8221;||0px|&#8221; background_color_1=&#8221;#5da58d&#8221; background_color_2=&#8221;#ffffff&#8221; disabled_on=&#8221;off|off|on&#8221; _builder_version=&#8221;3.6&#8243; custom_margin_tablet=&#8221;||-51px|&#8221; custom_margin_phone=&#8221;||-50px|&#8221; custom_margin_last_edited=&#8221;on|tablet&#8221;][et_pb_column type=&#8221;1_4&#8243; _builder_version=&#8221;3.0.47&#8243; background_color=&#8221;#5da58d&#8221; parallax=&#8221;off&#8221; parallax_method=&#8221;on&#8221;][et_pb_blurb title=&#8221;V\u00edzparti front parcella&#8221; image=&#8221;https:\/\/parkkemping.hu\/wp-content\/uploads\/2019\/04\/5.jpg&#8221; image_max_width_last_edited=&#8221;on|desktop&#8221; _builder_version=&#8221;3.6&#8243; header_level=&#8221;h3&#8243; header_font=&#8221;||||||||&#8221; header_font_size=&#8221;30px&#8221; header_font_size_tablet=&#8221;30px&#8221; header_font_size_phone=&#8221;24px&#8221; header_font_size_last_edited=&#8221;on|desktop&#8221; body_font=&#8221;||||||||&#8221; body_font_size=&#8221;20px&#8221; background_color=&#8221;#5da58d&#8221; text_orientation=&#8221;center&#8221; background_layout=&#8221;dark&#8221; custom_margin=&#8221;0px|||&#8221; custom_padding=&#8221;0px|0px|50px|0px||true&#8221; custom_padding_last_edited=&#8221;on|desktop&#8221;]<\/p>\n<p>For tents and caravans<\/p>\n<p>From F1-F13<\/p>\n<p><strong>\u00c9ves b\u00e9rleti d\u00edj: 570.000 Ft\/szezon<\/strong><\/p>\n<p>[\/et_pb_blurb][et_pb_toggle title=&#8221;Mit tartalmaz az \u00e1r?&#8221; _builder_version=&#8221;3.6&#8243; title_font_size_tablet=&#8221;20px&#8221; title_font_size_phone=&#8221;16px&#8221; title_font_size_last_edited=&#8221;on|phone&#8221; max_width=&#8221;90%&#8221; module_alignment=&#8221;center&#8221;]<\/p>\n<ul>\n<li style=\"list-style-type: none;\">\n<ul>\n<li style=\"list-style-type: none;\">\n<ul>\n<li style=\"list-style-type: none;\">\n<ul>\n<li>Exclusive use of the selected parcel for the period 05.01 - 09.30<\/li>\n<li><span style=\"text-decoration: underline;\">\u00a02 adults accomodation<\/span> fee<\/li>\n<li><span style=\"text-decoration: underline;\">3 children<\/span> 3-18 years\u00a0<span style=\"text-decoration: underline;\">accomodation<\/span> fee<\/li>\n<li>accomodation fee for 1 dog<\/li>\n<li>Use of the beach, water block, camping kitchen;<\/li>\n<li>parking fee for 1 car in the parcel area on the days used with the accommodation service;<\/li>\n<li>Setting up 1 caravan, tent or mobile home on the plot, as well as the possibility of setting up an extra guest tent\/caravan when the contracted person(s) also spend the night in the caravan<\/li>\n<\/ul>\n<p>The prices NOT including<\/p>\n<ul>\n<li>At the end of the season, the electricity consumption fee (by reading the sub-meter) will be billed at the always valid \"non-residential\" kWh rate - this fee is currently (November 2022) HUF 175\/kWh.<\/li>\n<li>In the case of M1-M12 (mobile home) plots: the fee for the water consumed (after reading the submeter, it will be billed at HUF 1,900\/m3 at the end of the season)<\/li>\n<li>Az idegenforgalmi ad\u00f3t (18 \u00e9v felettieknek 600 Ft\/f\u0151\/\u00e9j a kempingeben elt\u00f6lt\u00f6tt \u00e9jszak\u00e1k ut\u00e1n)<\/li>\n<li>Parking fee for additional car(s) (guests can only be accommodated if our contracted partner also spends the night in the Camping - on the rented plot)<\/li>\n<li>In the guest tent\/caravan\/car\/under the open sky\/etc., possibly set up on the plot. camping fee for overnight guests<\/li>\n<li>Camping fee for guests in addition to the 2 adults and 3 children aged 3-18 named in our land lease contract (guests can only be accommodated if our contractual partner also spends the night at the campsite - on the rented plot)<\/li>\n<\/ul>\n<\/li>\n<\/ul>\n<\/li>\n<\/ul>\n<\/li>\n<\/ul>\n<p>[\/et_pb_toggle][et_pb_button button_url=&#8221;#jelentkezes&#8221; button_text=&#8221;\u00c9rdekel&#8221; button_alignment=&#8221;center&#8221; _builder_version=&#8221;3.6&#8243; custom_button=&#8221;on&#8221; button_bg_color=&#8221;#fcb620&#8243; button_border_color=&#8221;#fcb620&#8243; button_font=&#8221;||||||||&#8221; background_layout=&#8221;dark&#8221; custom_margin=&#8221;-9px||40px|&#8221; custom_margin_last_edited=&#8221;off|desktop&#8221; custom_padding=&#8221;|||&#8221;][\/et_pb_button][\/et_pb_column][et_pb_column type=&#8221;1_4&#8243; _builder_version=&#8221;3.0.47&#8243; background_color=&#8221;#ffffff&#8221; parallax=&#8221;off&#8221; parallax_method=&#8221;on&#8221;][et_pb_blurb title=&#8221;V\u00edzparti nem front parcella&#8221; image=&#8221;https:\/\/parkkemping.hu\/wp-content\/uploads\/2019\/04\/2.jpg&#8221; image_max_width=&#8221;98%&#8221; image_max_width_last_edited=&#8221;on|phone&#8221; _builder_version=&#8221;3.6&#8243; header_level=&#8221;h3&#8243; header_font=&#8221;||||||||&#8221; header_font_size=&#8221;30px&#8221; header_font_size_tablet=&#8221;30px&#8221; header_font_size_phone=&#8221;24px&#8221; header_font_size_last_edited=&#8221;on|desktop&#8221; body_font=&#8221;||||||||&#8221; body_font_size=&#8221;20px&#8221; background_color=&#8221;#ffffff&#8221; text_orientation=&#8221;center&#8221; custom_margin=&#8221;0px|||&#8221; custom_padding=&#8221;0px|0px|15px|0px||true&#8221;]<\/p>\n<p>For tents and caravans<\/p>\n<p><strong>\u00c9ves b\u00e9rleti d\u00edj: 480.000 Ft\/szezon<\/strong><\/p>\n<p>[\/et_pb_blurb][et_pb_toggle title=&#8221;Mit tartalmaz az \u00e1r?&#8221; _builder_version=&#8221;3.6&#8243; title_font_size_tablet=&#8221;20px&#8221; title_font_size_phone=&#8221;16px&#8221; title_font_size_last_edited=&#8221;on|phone&#8221; max_width=&#8221;90%&#8221; module_alignment=&#8221;center&#8221;]<\/p>\n<ul>\n<li style=\"list-style-type: none;\">\n<ul>\n<li style=\"list-style-type: none;\">\n<ul>\n<li>Exclusive use of the selected parcel for the period 05.01 - 09.30<\/li>\n<li>\u00a0<span style=\"text-decoration: underline;\">2 adults accomodation<\/span> fee<\/li>\n<li><span style=\"text-decoration: underline;\">3 children<\/span>\u00a03-18 years <span style=\"text-decoration: underline;\">accomodation<\/span> fee<\/li>\n<li>accomodation fee for 1 dog<\/li>\n<li>Use of the beach, water block, camping kitchen;<\/li>\n<li>parking fee for 1 car in the parcel area on the days used with the accommodation service;<\/li>\n<li>Setting up 1 caravan, tent or mobile home on the plot, as well as the possibility of setting up an extra guest tent\/caravan when the contracted person(s) also spend the night in the caravan<\/li>\n<\/ul>\n<p>The prices NOT including<\/p>\n<ul>\n<li>At the end of the season, the electricity consumption fee (by reading the sub-meter) will be billed at the always valid \"non-residential\" kWh rate - this fee is currently (November 2022) HUF 175\/kWh.<\/li>\n<li>In the case of M1-M12 (mobile home) plots: the fee for the water consumed (after reading the submeter, it will be billed at HUF 1,900\/m3 at the end of the season)<\/li>\n<li>Az idegenforgalmi ad\u00f3t (18 \u00e9v felettieknek 600 Ft\/f\u0151\/\u00e9j a kempingeben elt\u00f6lt\u00f6tt \u00e9jszak\u00e1k ut\u00e1n)<\/li>\n<li>Parking fee for additional car(s) (guests can only be accommodated if our contracted partner also spends the night in the Camping - on the rented plot)<\/li>\n<li>In the guest tent\/caravan\/car\/under the open sky\/etc., possibly set up on the plot. camping fee for overnight guests<\/li>\n<li>Camping fee for guests in addition to the 2 adults and 3 children aged 3-18 named in our land lease contract (guests can only be accommodated if our contractual partner also spends the night at the campsite - on the rented plot)<\/li>\n<\/ul>\n<\/li>\n<\/ul>\n<\/li>\n<\/ul>\n<p>[\/et_pb_toggle][et_pb_button button_url=&#8221;#jelentkezes&#8221; button_text=&#8221;\u00c9rdekel&#8221; button_alignment=&#8221;center&#8221; _builder_version=&#8221;3.6&#8243; custom_button=&#8221;on&#8221; button_bg_color=&#8221;#fcb620&#8243; button_border_color=&#8221;#fcb620&#8243; button_font=&#8221;||||||||&#8221; background_layout=&#8221;dark&#8221; custom_margin=&#8221;||40px|&#8221; custom_margin_last_edited=&#8221;off|desktop&#8221;][\/et_pb_button][\/et_pb_column][et_pb_column type=&#8221;1_4&#8243; _builder_version=&#8221;3.0.47&#8243; parallax=&#8221;off&#8221; parallax_method=&#8221;on&#8221;][et_pb_blurb title=&#8221;Nem v\u00edzparti parcella&#8221; image=&#8221;https:\/\/parkkemping.hu\/wp-content\/uploads\/2018\/06\/lakokocsi_kemping_agard.jpg&#8221; image_max_width=&#8221;98%&#8221; image_max_width_last_edited=&#8221;on|phone&#8221; _builder_version=&#8221;3.6&#8243; header_level=&#8221;h3&#8243; header_font=&#8221;||||||||&#8221; header_font_size=&#8221;30px&#8221; header_font_size_tablet=&#8221;30px&#8221; header_font_size_phone=&#8221;24px&#8221; header_font_size_last_edited=&#8221;on|desktop&#8221; body_font=&#8221;||||||||&#8221; body_font_size=&#8221;20px&#8221; background_color=&#8221;#ffffff&#8221; text_orientation=&#8221;center&#8221; custom_margin=&#8221;0px|||&#8221; custom_padding=&#8221;0px|0px|15px|0px||true&#8221;]<\/p>\n<p>For tents and caravans<\/p>\n<p><strong>\u00c9ves b\u00e9rleti d\u00edj: 410.000 Ft\/szezon<\/strong><\/p>\n<p>[\/et_pb_blurb][et_pb_toggle title=&#8221;Mit tartalmaz az \u00e1r?&#8221; _builder_version=&#8221;3.6&#8243; title_font_size_tablet=&#8221;20px&#8221; title_font_size_phone=&#8221;16px&#8221; title_font_size_last_edited=&#8221;on|phone&#8221; max_width=&#8221;90%&#8221; module_alignment=&#8221;center&#8221;]<\/p>\n<ul>\n<li style=\"list-style-type: none;\">\n<ul>\n<li style=\"list-style-type: none;\">\n<ul>\n<li>Exclusive use of the selected parcel for the period 05.01 - 09.30<\/li>\n<li>\u00a0<span style=\"text-decoration: underline;\">2 adults accomodation<\/span> fee<\/li>\n<li><span style=\"text-decoration: underline;\">3 children<\/span>\u00a03-18 years <span style=\"text-decoration: underline;\">accomodation <\/span>fee<\/li>\n<li>accomodation fee for 1 dog<\/li>\n<li>Use of the beach, water block, camping kitchen;<\/li>\n<li>parking fee for 1 car in the parcel area on the days used with the accommodation service;<\/li>\n<li>Setting up 1 caravan, tent or mobile home on the plot, as well as the possibility of setting up an extra guest tent\/caravan when the contracted person(s) also spend the night in the caravan<\/li>\n<\/ul>\n<p>The prices NOT including<\/p>\n<ul>\n<li>At the end of the season, the electricity consumption fee (by reading the sub-meter) will be billed at the always valid \"non-residential\" kWh rate - this fee is currently (November 2022) HUF 175\/kWh.<\/li>\n<li>In the case of M1-M12 (mobile home) plots: the fee for the water consumed (after reading the submeter, it will be billed at HUF 1,900\/m3 at the end of the season)<\/li>\n<li>Az idegenforgalmi ad\u00f3t (18 \u00e9v felettieknek 600 Ft\/f\u0151\/\u00e9j a kempingeben elt\u00f6lt\u00f6tt \u00e9jszak\u00e1k ut\u00e1n)<\/li>\n<li>Parking fee for additional car(s) (guests can only be accommodated if our contracted partner also spends the night in the Camping - on the rented plot)<\/li>\n<li>In the guest tent\/caravan\/car\/under the open sky\/etc., possibly set up on the plot. camping fee for overnight guests<\/li>\n<li>Camping fee for guests in addition to the 2 adults and 3 children aged 3-18 named in our land lease contract (guests can only be accommodated if our contractual partner also spends the night at the campsite - on the rented plot)<\/li>\n<\/ul>\n<\/li>\n<\/ul>\n<\/li>\n<\/ul>\n<p>[\/et_pb_toggle][et_pb_button button_url=&#8221;#jelentkezes&#8221; button_text=&#8221;\u00c9rdekel&#8221; button_alignment=&#8221;center&#8221; _builder_version=&#8221;3.6&#8243; custom_button=&#8221;on&#8221; button_bg_color=&#8221;#fcb620&#8243; button_border_color=&#8221;#fcb620&#8243; button_font=&#8221;||||||||&#8221; background_layout=&#8221;dark&#8221; custom_margin=&#8221;||40px|&#8221; custom_margin_last_edited=&#8221;off|desktop&#8221;][\/et_pb_button][\/et_pb_column][et_pb_column type=&#8221;1_4&#8243; _builder_version=&#8221;3.0.47&#8243; parallax=&#8221;off&#8221; parallax_method=&#8221;on&#8221;][et_pb_blurb title=&#8221;Mobilh\u00e1z parcella&#8221; image=&#8221;https:\/\/parkkemping.hu\/wp-content\/uploads\/2019\/05\/Park-Kemping-k\u00e9p-1-1.jpg&#8221; image_max_width=&#8221;98%&#8221; image_max_width_last_edited=&#8221;on|phone&#8221; _builder_version=&#8221;3.6&#8243; header_level=&#8221;h3&#8243; header_font=&#8221;||||||||&#8221; header_font_size=&#8221;30px&#8221; header_font_size_tablet=&#8221;30px&#8221; header_font_size_phone=&#8221;24px&#8221; header_font_size_last_edited=&#8221;on|desktop&#8221; body_font=&#8221;||||||||&#8221; body_font_size=&#8221;20px&#8221; background_color=&#8221;#ffffff&#8221; text_orientation=&#8221;center&#8221; custom_margin=&#8221;0px|||&#8221; custom_padding=&#8221;0px|0px|15px|0px||true&#8221;]<\/p>\n<p>for own mobilhomes<\/p>\n<p>from M1 - M12<\/p>\n<p><strong>Annual rent: HUF 700,000\/season<\/strong><\/p>\n<p>[\/et_pb_blurb][et_pb_toggle title=&#8221;Mit tartalmaz az \u00e1r?&#8221; _builder_version=&#8221;3.6&#8243; title_font_size_tablet=&#8221;20px&#8221; title_font_size_phone=&#8221;16px&#8221; title_font_size_last_edited=&#8221;on|phone&#8221; max_width=&#8221;90%&#8221; module_alignment=&#8221;center&#8221;]<\/p>\n<ul>\n<li style=\"list-style-type: none;\">\n<ul>\n<li style=\"list-style-type: none;\">\n<ul>\n<li>Exclusive use of the selected parcel for the period 05.01 - 09.30<\/li>\n<li>\u00a0<span style=\"text-decoration: underline;\">2 adults accomodation<\/span> fee<\/li>\n<li><span style=\"text-decoration: underline;\">3 children<\/span>\u00a03-18 years <span style=\"text-decoration: underline;\">accomodation<\/span> fee<\/li>\n<li>accomodation fee for 1 dog<\/li>\n<li>Use of the beach, water block, camping kitchen;<\/li>\n<li>parking fee for 1 car in the parcel area on the days used with the accommodation service;<\/li>\n<li>Setting up 1 caravan, tent or mobile home on the plot, as well as the possibility of setting up an extra guest tent\/caravan when the contracted person(s) also spend the night in the caravan<\/li>\n<\/ul>\n<p>The prices NOT including<\/p>\n<ul>\n<li>At the end of the season, the electricity consumption fee (by reading the sub-meter) will be billed at the always valid \"non-residential\" kWh rate - this fee is currently (November 2022) HUF 175\/kWh.<\/li>\n<li>In the case of M1-M12 (mobile home) plots: the fee for the water consumed (after reading the submeter, it will be billed at HUF 1,900\/m3 at the end of the season)<\/li>\n<li>Az idegenforgalmi ad\u00f3t (18 \u00e9v felettieknek 600 Ft\/f\u0151\/\u00e9j a kempingeben elt\u00f6lt\u00f6tt \u00e9jszak\u00e1k ut\u00e1n)<\/li>\n<li>Parking fee for additional car(s) (guests can only be accommodated if our contracted partner also spends the night in the Camping - on the rented plot)<\/li>\n<li>In the guest tent\/caravan\/car\/under the open sky\/etc., possibly set up on the plot. camping fee for overnight guests<\/li>\n<li>Camping fee for guests in addition to the 2 adults and 3 children aged 3-18 named in our land lease contract (guests can only be accommodated if our contractual partner also spends the night at the campsite - on the rented plot)<\/li>\n<\/ul>\n<\/li>\n<\/ul>\n<\/li>\n<\/ul>\n<p>[\/et_pb_toggle][et_pb_button button_url=&#8221;#jelentkezes&#8221; button_text=&#8221;\u00c9rdekel&#8221; button_alignment=&#8221;center&#8221; _builder_version=&#8221;3.6&#8243; custom_button=&#8221;on&#8221; button_bg_color=&#8221;#fcb620&#8243; button_border_color=&#8221;#fcb620&#8243; button_font=&#8221;||||||||&#8221; background_layout=&#8221;dark&#8221; custom_margin=&#8221;||40px|&#8221; custom_margin_last_edited=&#8221;off|desktop&#8221;][\/et_pb_button][\/et_pb_column][\/et_pb_row][et_pb_row _builder_version=&#8221;3.6&#8243;][et_pb_column type=&#8221;4_4&#8243; _builder_version=&#8221;3.0.47&#8243; parallax=&#8221;off&#8221; parallax_method=&#8221;on&#8221;][et_pb_toggle title=&#8221;Mit tartalmaznak az \u00e1raink?&#8221; disabled_on=&#8221;on|on|off&#8221; _builder_version=&#8221;3.6&#8243; title_font_size_tablet=&#8221;20px&#8221; title_font_size_phone=&#8221;16px&#8221; title_font_size_last_edited=&#8221;on|phone&#8221;]<\/p>\n<ul>\n<li style=\"font-weight: 400;\"><span style=\"font-weight: 400;\">Exclusive use of the selected parcel for the period 05.01 - 09.30<\/span><\/li>\n<li style=\"font-weight: 400;\"><span style=\"font-weight: 400;\">\u00a0<span style=\"text-decoration: underline;\">2 adults accomodation<\/span> fee <\/span><\/li>\n<li style=\"font-weight: 400;\"><span style=\"font-weight: 400;\"><span style=\"text-decoration: underline;\">3 children<\/span> 3-18 years\u00a0<span style=\"text-decoration: underline;\">accomodation<\/span> fee<\/span><\/li>\n<li style=\"font-weight: 400;\"><span style=\"font-weight: 400;\">accomodation fee for 1 dog<\/span><\/li>\n<li style=\"font-weight: 400;\"><span style=\"font-weight: 400;\">Use of the beach, water block, camping kitchen;<\/span><\/li>\n<li style=\"font-weight: 400;\"><span style=\"font-weight: 400;\">parking fee for 1 car in the parcel area on the days used with the accommodation service;<\/span><\/li>\n<li style=\"font-weight: 400;\"><span style=\"font-weight: 400;\">Setting up 1 caravan, tent or mobile home on the plot, as well as the possibility of setting up an extra guest tent\/caravan when the contracted person(s) also spend the night in the caravan\u00a0<\/span><\/li>\n<\/ul>\n<p><span style=\"font-weight: 400;\">The prices NOT including<\/span><\/p>\n<ul>\n<li>Az \u00e1ram felhaszn\u00e1l\u00e1s d\u00edj\u00e1t (alm\u00e9r\u0151 leolvas\u00e1s\u00e1val a mindenkor \u00e9rv\u00e9nyes &#8220;nem lakoss\u00e1gi&#8221; kWh d\u00edjon ker\u00fcl kisz\u00e1ml\u00e1z\u00e1sra a szezon v\u00e9g\u00e9n.<\/li>\n<li>M1-M12 (mobilh\u00e1z) parcella eset\u00e9n: az elfogyasztott v\u00edz d\u00edj\u00e1t (alm\u00e9r\u0151 leolvas\u00e1s\u00e1val &#8220;nem lakoss\u00e1gi&#8221; d\u00edjon ker\u00fcl kisz\u00e1ml\u00e1z\u00e1sra a szezon v\u00e9g\u00e9n)<\/li>\n<li><span style=\"text-decoration: underline;\">Local tax<\/span> (18 \u00e9v felettieknek 600 Ft\/f\u0151\/\u00e9j a kempingeben elt\u00f6lt\u00f6tt \u00e9jszak\u00e1k ut\u00e1n)<\/li>\n<li>Parking fee for additional car(s) (guests can only be accommodated if our contracted partner also spends the night in the Camping - on the rented plot)<\/li>\n<li>In the guest tent\/caravan\/car\/under the open sky\/etc., possibly set up on the plot. camping fee for overnight guests<\/li>\n<li>Camping fee for guests in addition to the 2 adults and 3 children aged 3-18 named in our land lease contract (guests can only be accommodated if our contractual partner also spends the night at the campsite - on the rented plot)<\/li>\n<\/ul>\n<p>[\/et_pb_toggle][\/et_pb_column][\/et_pb_row][\/et_pb_section][et_pb_section fb_built=&#8221;1&#8243; module_id=&#8221;jelentkezes&#8221; _builder_version=&#8221;3.6&#8243; background_color=&#8221;#ededed&#8221;][et_pb_row _builder_version=&#8221;3.6&#8243;][et_pb_column type=&#8221;4_4&#8243; _builder_version=&#8221;3.0.47&#8243; parallax=&#8221;off&#8221; parallax_method=&#8221;on&#8221;][et_pb_divider divider_style=&#8221;dotted&#8221; divider_weight=&#8221;11px&#8221; _builder_version=&#8221;3.6&#8243; max_width=&#8221;24%&#8221; max_width_tablet=&#8221;23%&#8221; max_width_last_edited=&#8221;on|phone&#8221; module_alignment=&#8221;center&#8221;][\/et_pb_divider][et_pb_text _builder_version=&#8221;3.6&#8243; header_font=&#8221;||||||||&#8221; header_2_font=&#8221;||||||||&#8221; header_2_font_size=&#8221;41px&#8221; header_2_font_size_tablet=&#8221;43px&#8221; header_2_font_size_phone=&#8221;33px&#8221; header_2_font_size_last_edited=&#8221;on|phone&#8221; header_3_font=&#8221;||||||||&#8221; header_3_font_size=&#8221;27px&#8221;]<\/p>\n<h2 style=\"text-align: center;\">Request an offer online!<\/h2>\n<p>[\/et_pb_text][\/et_pb_column][\/et_pb_row][et_pb_row _builder_version=&#8221;3.6&#8243;][et_pb_column type=&#8221;4_4&#8243; _builder_version=&#8221;3.0.47&#8243; parallax=&#8221;off&#8221; parallax_method=&#8221;on&#8221;][et_pb_code _builder_version=&#8221;3.6&#8243; text_orientation=&#8221;center&#8221;]&lt;iframe src=&#8221;https:\/\/docs.google.com\/forms\/d\/e\/1FAIpQLSfBtRRnEX3OglcQxvL7UQLDePCIFejjU2Wk78oF5Q5yLt6daA\/viewform?embedded=true&#8221; width=&#8221;750&#8243; height=&#8221;2200&#8243; frameborder=&#8221;0&#8243; marginheight=&#8221;0&#8243; marginwidth=&#8221;0&#8243;&gt;Bet\u00f6lt\u00e9s&#8230;&lt;\/iframe&gt;[\/et_pb_code][\/et_pb_column][\/et_pb_row][\/et_pb_section][et_pb_section fb_built=&#8221;1&#8243; disabled_on=&#8221;on|on|on&#8221; _builder_version=&#8221;3.6&#8243; custom_margin_last_edited=&#8221;on|tablet&#8221; custom_padding=&#8221;27px|0px|24px|0px|false|false&#8221; bottom_divider_color=&#8221;#ededed&#8221;][et_pb_row custom_padding=&#8221;27px|0px|0|0px|false|false&#8221; _builder_version=&#8221;3.6&#8243;][et_pb_column type=&#8221;4_4&#8243; _builder_version=&#8221;3.0.47&#8243; parallax=&#8221;off&#8221; parallax_method=&#8221;on&#8221;][et_pb_divider divider_style=&#8221;dotted&#8221; divider_weight=&#8221;11px&#8221; _builder_version=&#8221;3.6&#8243; max_width=&#8221;24%&#8221; max_width_tablet=&#8221;23%&#8221; max_width_last_edited=&#8221;on|phone&#8221; module_alignment=&#8221;center&#8221;][\/et_pb_divider][et_pb_text _builder_version=&#8221;3.6&#8243; header_font=&#8221;||||||||&#8221; header_2_font=&#8221;||||||||&#8221; header_2_font_size=&#8221;38px&#8221; header_2_font_size_tablet=&#8221;32px&#8221; header_2_font_size_phone=&#8221;30px&#8221; header_2_font_size_last_edited=&#8221;on|tablet&#8221;]<\/p>\n<h2 style=\"text-align: center;\">Mit mondanak r\u00f3lunk<\/h2>\n<p style=\"text-align: center;\">Click to enlarge<\/p>\n<p>[\/et_pb_text][\/et_pb_column][\/et_pb_row][et_pb_row use_custom_width=&#8221;on&#8221; custom_width_px=&#8221;1420px&#8221; custom_padding=&#8221;22.8281px|0px|0|0px|false|false&#8221; _builder_version=&#8221;3.6&#8243;][et_pb_column type=&#8221;1_2&#8243; _builder_version=&#8221;3.0.47&#8243; parallax=&#8221;off&#8221; parallax_method=&#8221;on&#8221;][et_pb_image src=&#8221;https:\/\/parkkemping.hu\/wp-content\/uploads\/2019\/04\/google2.png&#8221; show_in_lightbox=&#8221;on&#8221; align=&#8221;center&#8221; _builder_version=&#8221;3.6&#8243; background_size=&#8221;initial&#8221; max_width_last_edited=&#8221;on|tablet&#8221; custom_margin=&#8221;|0px||0px&#8221;][\/et_pb_image][\/et_pb_column][et_pb_column type=&#8221;1_2&#8243; _builder_version=&#8221;3.0.47&#8243; parallax=&#8221;off&#8221; parallax_method=&#8221;on&#8221;][et_pb_image src=&#8221;https:\/\/parkkemping.hu\/wp-content\/uploads\/2019\/04\/google1.png&#8221; show_in_lightbox=&#8221;on&#8221; _builder_version=&#8221;3.6&#8243; max_width_tablet=&#8221;65%&#8221; max_width_phone=&#8221;78%&#8221; max_width_last_edited=&#8221;on|tablet&#8221; module_alignment=&#8221;left&#8221; custom_margin=&#8221;|||&#8221; custom_margin_phone=&#8221;|0px||&#8221; custom_margin_last_edited=&#8221;on|desktop&#8221; custom_padding=&#8221;|||&#8221; custom_padding_last_edited=&#8221;on|desktop&#8221;][\/et_pb_image][\/et_pb_column][\/et_pb_row][et_pb_row use_custom_width=&#8221;on&#8221; custom_width_px=&#8221;1420px&#8221; custom_padding=&#8221;0|0px|25px|0px|false|false&#8221; padding_left_2=&#8221;20px&#8221; padding_2_tablet=&#8221;|||10px&#8221; padding_2_phone=&#8221;|||10px&#8221; padding_2_last_edited=&#8221;on|tablet&#8221; _builder_version=&#8221;3.6&#8243;][et_pb_column type=&#8221;1_2&#8243; _builder_version=&#8221;3.0.47&#8243; parallax=&#8221;off&#8221; parallax_method=&#8221;on&#8221;][et_pb_image src=&#8221;https:\/\/parkkemping.hu\/wp-content\/uploads\/2019\/04\/google3.png&#8221; show_in_lightbox=&#8221;on&#8221; align=&#8221;center&#8221; _builder_version=&#8221;3.6&#8243; custom_margin=&#8221;|20px||&#8221; custom_margin_tablet=&#8221;|0px||&#8221; custom_margin_last_edited=&#8221;on|phone&#8221;][\/et_pb_image][\/et_pb_column][et_pb_column type=&#8221;1_2&#8243; _builder_version=&#8221;3.0.47&#8243; padding_phone=&#8221;|||10px&#8221; padding_tablet=&#8221;|||10px&#8221; padding_last_edited=&#8221;on|tablet&#8221; padding_left=&#8221;20px&#8221; parallax=&#8221;off&#8221; parallax_method=&#8221;on&#8221;][et_pb_image src=&#8221;https:\/\/parkkemping.hu\/wp-content\/uploads\/2019\/04\/google4.png&#8221; show_in_lightbox=&#8221;on&#8221; _builder_version=&#8221;3.6&#8243; max_width_tablet=&#8221;65%&#8221; max_width_phone=&#8221;60%&#8221; max_width_last_edited=&#8221;on|tablet&#8221; module_alignment=&#8221;left&#8221; custom_margin=&#8221;20px|||&#8221; custom_margin_phone=&#8221;0px|147px||&#8221; custom_margin_last_edited=&#8221;on|phone&#8221;][\/et_pb_image][\/et_pb_column][\/et_pb_row][\/et_pb_section]<\/p>","protected":false},"excerpt":{"rendered":"<p>[et_pb_section fb_built=&#8221;1&#8243; custom_padding_last_edited=&#8221;on|phone&#8221; next_background_color=&#8221;#ffffff&#8221; module_class=&#8221;header&#8221; _builder_version=&#8221;3.6&#8243; background_color=&#8221;rgba(0,0,0,0.44)&#8221; background_image=&#8221;https:\/\/parkkemping.hu\/wp-content\/uploads\/2018\/06\/lakokocsi_agard.jpg&#8221; background_blend=&#8221;multiply&#8221; custom_padding=&#8221;100px|0px|150px|0px|false|false&#8221; custom_padding_tablet=&#8221;35px|||&#8221; top_divider_height_tablet=&#8221;5px&#8221; top_divider_height_phone=&#8221;5px&#8221; top_divider_height_last_edited=&#8221;on|tablet&#8221; bottom_divider_style=&#8221;curve&#8221; bottom_divider_height_tablet=&#8221;40px&#8221; bottom_divider_height_phone=&#8221;40px&#8221; bottom_divider_height_last_edited=&#8221;on|phone&#8221;][et_pb_row use_custom_width=&#8221;on&#8221; custom_width_px=&#8221;1223px&#8221; custom_margin=&#8221;|||&#8221; _builder_version=&#8221;3.6&#8243; background_size=&#8221;initial&#8221; background_position=&#8221;top_left&#8221; background_repeat=&#8221;repeat&#8221; module_alignment=&#8221;center&#8221; custom_margin_tablet=&#8221;|||12px&#8221; custom_margin_last_edited=&#8221;on|desktop&#8221;][et_pb_column type=&#8221;4_4&#8243; _builder_version=&#8221;3.0.47&#8243; parallax=&#8221;off&#8221; parallax_method=&#8221;on&#8221;][et_pb_text _builder_version=&#8221;3.6&#8243; text_font_size=&#8221;23px&#8221; text_font_size_phone=&#8221;14px&#8221; text_font_size_last_edited=&#8221;on|phone&#8221; text_line_height=&#8221;1.8em&#8221; header_text_align=&#8221;left&#8221; header_font_size=&#8221;54px&#8221; header_font_size_tablet=&#8221;32px&#8221; header_font_size_phone=&#8221;26px&#8221; header_font_size_last_edited=&#8221;on|phone&#8221; background_layout=&#8221;dark&#8221; max_width=&#8221;76%&#8221; max_width_last_edited=&#8221;on|phone&#8221; module_alignment=&#8221;left&#8221; custom_padding=&#8221;|||26px&#8221; custom_padding_last_edited=&#8221;on|desktop&#8221;] B\u00e9relj v\u00edzparti Parcell\u00e1t eg\u00e9sz \u00e9vre! B\u00e9relj parcell\u00e1t [&hellip;]<\/p>","protected":false},"author":8,"featured_media":0,"parent":0,"menu_order":0,"comment_status":"closed","ping_status":"closed","template":"","meta":[],"_links":{"self":[{"href":"https:\/\/parkkemping.hu\/en\/wp-json\/wp\/v2\/pages\/2365"}],"collection":[{"href":"https:\/\/parkkemping.hu\/en\/wp-json\/wp\/v2\/pages"}],"about":[{"href":"https:\/\/parkkemping.hu\/en\/wp-json\/wp\/v2\/types\/page"}],"author":[{"embeddable":true,"href":"https:\/\/parkkemping.hu\/en\/wp-json\/wp\/v2\/users\/8"}],"replies":[{"embeddable":true,"href":"https:\/\/parkkemping.hu\/en\/wp-json\/wp\/v2\/comments?post=2365"}],"version-history":[{"count":208,"href":"https:\/\/parkkemping.hu\/en\/wp-json\/wp\/v2\/pages\/2365\/revisions"}],"predecessor-version":[{"id":3967,"href":"https:\/\/parkkemping.hu\/en\/wp-json\/wp\/v2\/pages\/2365\/revisions\/3967"}],"wp:attachment":[{"href":"https:\/\/parkkemping.hu\/en\/wp-json\/wp\/v2\/media?parent=2365"}],"curies":[{"name":"wp","href":"https:\/\/api.w.org\/{rel}","templated":true}]}}